{"id":30,"date":"2019-10-06T04:45:44","date_gmt":"2019-10-06T04:45:44","guid":{"rendered":"http:\/\/jsmassicotte.com\/wppro2\/?page_id=30"},"modified":"2022-11-24T15:48:28","modified_gmt":"2022-11-24T15:48:28","slug":"bio","status":"publish","type":"page","link":"http:\/\/jsmassicotte.com\/wppro2\/bio\/","title":{"rendered":"\u00c0 propos"},"content":{"rendered":"\n<p class=\"has-drop-cap\" style=\"font-size:28px\">Jean-S\u00e9bastien Massicotte est chroniqueur plein air, consultant et cr\u00e9ateur de contenu d\u2019aventure ind\u00e9pendant bas\u00e9 \u00e0 Qu\u00e9bec.<\/p>\n\n\n\n<p> Journaliste de formation (ULaval), photographe prim\u00e9 et sportif tout terrain, l\u2019Abitibien d\u2019origine ne rate jamais l\u2019occasion de passer \u00e0 l\u2019action pour le b\u00e9n\u00e9fice d\u2019une bonne histoire.<\/p>\n\n\n<div class=\"wp-block-image\">\n<figure class=\"alignright is-resized\"><img loading=\"lazy\" decoding=\"async\" src=\"http:\/\/jsmassicotte.com\/wppro2\/wp-content\/uploads\/2019\/10\/12F34831-E3F7-4C53-910F-1DC65DB72347-768x827.jpg\" alt=\"\" class=\"wp-image-147\" width=\"326\" height=\"351\" srcset=\"http:\/\/jsmassicotte.com\/wppro2\/wp-content\/uploads\/2019\/10\/12F34831-E3F7-4C53-910F-1DC65DB72347-768x827.jpg 768w, http:\/\/jsmassicotte.com\/wppro2\/wp-content\/uploads\/2019\/10\/12F34831-E3F7-4C53-910F-1DC65DB72347-768x827-279x300.jpg 279w\" sizes=\"(max-width: 326px) 100vw, 326px\" \/><figcaption class=\"wp-element-caption\">Jean-S\u00e9bastien Massicotte<\/figcaption><\/figure><\/div>\n\n\n<p>R\u00e9dacteur \u00e0 la plume efficace et reconnue, Jean-S\u00e9bastien s&rsquo;est fait une sp\u00e9cialit\u00e9 dans le r\u00e9cit d&rsquo;aventure immersif et les entretiens intimes avec des sportifs en tous genres.<\/p>\n\n\n\n<p>Parmi ses collaborations r\u00e9centes, notons des chroniques et des reportages pour <a rel=\"noreferrer noopener\" href=\"https:\/\/www.espaces.ca\/articles\/equipement\/8263-vetements-techniques-a-rabais-etes-vous-sur-de-ne-pas-porter-une-contrefacon\" target=\"_blank\">le magazine plein air <em>Espaces<\/em><\/a>, des textes pour <a rel=\"noreferrer noopener\" href=\"https:\/\/www.sepaq.com\/blogue\/passionnes-vrais-nature.dot\" target=\"_blank\">le blogue de la S\u00e9paq<\/a> et d&rsquo;autres contrats de r\u00e9daction pour des clients publics et priv\u00e9s d&rsquo;un peu partout au pays. Il travaille notamment avec des agences de renom de Montr\u00e9al et de Qu\u00e9bec.<\/p>\n\n\n\n<p>Id\u00e9ateur, r\u00e9alisateur et producteur de&nbsp;<em><a rel=\"noreferrer noopener\" aria-label=\"L\u2019Appel de l\u2019aventure (s\u2019ouvre dans un nouvel onglet)\" href=\"http:\/\/www.jsmassicotte.info\" target=\"_blank\">L\u2019Appel de l\u2019aventure<\/a><\/em>, Jean-S\u00e9bastien a anim\u00e9 en compagnie de l&rsquo;aventurier <a rel=\"noreferrer noopener\" aria-label=\"S\u00e9bastien Lapierre (s\u2019ouvre dans un nouvel onglet)\" href=\"http:\/\/www.jsmassicotte.com\/lappeldelaventure\/sebastien-lapierre\/\" target=\"_blank\">S\u00e9bastien Lapierre<\/a> l&rsquo;un des premiers podcasts plein air et aventure qu\u00e9b\u00e9cois (et le blogue associ\u00e9), \u00e0 partir du printemps 2019. Vingt-six \u00e9pisodes ont \u00e9t\u00e9 produits de mani\u00e8re ind\u00e9pendante.<\/p>\n\n\n\n<p>Jean-S\u00e9bastien a auparavant \u00e9t\u00e9 journaliste pendant 15 ans au quotidien&nbsp;<em>Le Soleil<\/em> (2003-2018), \u00e0 Qu\u00e9bec, o\u00f9 il a sign\u00e9 la chronique et anim\u00e9 le blogue plein air de ce journal de 2011 \u00e0 2018.<\/p>\n\n\n\n<p>Durant son passage dans l&rsquo;une des plus importantes salles de r\u00e9daction au Qu\u00e9bec, il a touch\u00e9 \u00e0 toutes les sections comme journaliste terrain, en plus d&rsquo;\u00eatre impliqu\u00e9 au niveau du pupitre, notamment comme \u00e9diteur aux sports et aux actualit\u00e9s g\u00e9n\u00e9rales. Il a aussi oeuvr\u00e9 comme chef de pupitre. <\/p>\n\n\n\n<p>Bachelier en psychologie (UdeM) et en plein air et tourisme d&rsquo;aventure (UQAC), Jean-S\u00e9bastien brille par sa polyvalence. Cam\u00e9l\u00e9on \u00e0 la patience et \u00e0 l&rsquo;\u00e9nergie in\u00e9puisables, il est \u00e0 l&rsquo;\u00e9coute de ses sujets et sait s&rsquo;adapter \u00e0 toutes les situations, aussi exigeantes soient-elles.<\/p>\n\n\n\n<p>Dormir sous la tente \u00e0 -36 \u00baC pour <a rel=\"noreferrer noopener\" aria-label=\"couvrir des histoires de mani\u00e8re unique (s\u2019ouvre dans un nouvel onglet)\" href=\"https:\/\/www.lesoleil.com\/le-mag\/plein-air\/defi-polaire-loin-de-la-rive-958278a1e64eb73c5f4199a263e88e8a\" target=\"_blank\">couvrir une histoire de mani\u00e8re unique<\/a> et touchante? Pagayer de Montr\u00e9al \u00e0 Qu\u00e9bec en seulement quatre jours tout <a rel=\"noreferrer noopener\" aria-label=\"en racontant l'aventure au quotidien (s\u2019ouvre dans un nouvel onglet)\" href=\"https:\/\/www.lesoleil.com\/archives\/le-defi-kayak-montreal-quebec-est-lance-2ec3468a4adb0d759177945ce71d78e4\" target=\"_blank\">en racontant l&rsquo;aventure au quotidien<\/a> ou encore pour <a rel=\"noreferrer noopener\" aria-label=\"produire un podcast (s\u2019ouvre dans un nouvel onglet)\" href=\"https:\/\/soundcloud.com\/lappeldelaventure\/jsm-lappel-ep08-hs\" target=\"_blank\">produire un podcast<\/a>? Courir 65 km \u00e0 travers Charlevoix <a rel=\"noreferrer noopener\" aria-label=\"pour raconter un \u00abultra\u00bb (s\u2019ouvre dans un nouvel onglet)\" href=\"https:\/\/www.lesoleil.com\/le-mag\/plein-air\/80000-pas-a-travers-charlevoix-7bccf66c127bfed6353b9e91dd94f2d2\" target=\"_blank\">pour d\u00e9crire un \u00abultra\u00bb<\/a> au coeur m\u00eame du d\u00e9fi? C&rsquo;est le genre de mandats qui allument \u00abJs\u00bb&#8230;<\/p>\n\n\n<div class=\"wp-block-image\">\n<figure class=\"alignright is-resized\"><a href=\"http:\/\/www.lappeldelaventure.com\" target=\"_blank\" rel=\"noreferrer noopener\"><img loading=\"lazy\" decoding=\"async\" src=\"http:\/\/jsmassicotte.com\/wppro2\/wp-content\/uploads\/2019\/10\/JSMassicotte_balado01.jpeg\" alt=\"\" class=\"wp-image-288\" width=\"333\" height=\"249\" srcset=\"http:\/\/jsmassicotte.com\/wppro2\/wp-content\/uploads\/2019\/10\/JSMassicotte_balado01.jpeg 1280w, http:\/\/jsmassicotte.com\/wppro2\/wp-content\/uploads\/2019\/10\/JSMassicotte_balado01-300x225.jpeg 300w, http:\/\/jsmassicotte.com\/wppro2\/wp-content\/uploads\/2019\/10\/JSMassicotte_balado01-768x576.jpeg 768w\" sizes=\"(max-width: 333px) 100vw, 333px\" \/><\/a><figcaption class=\"wp-element-caption\">Jean-S\u00e9bastien produit et r\u00e9alise L&rsquo;Appel de l&rsquo;aventure, le principal podcast plein air francophone au Qu\u00e9bec. Il anime chaque \u00e9pisode en compagnie de l&rsquo;aventurier S\u00e9bastien Lapierre.<\/figcaption><\/figure><\/div>\n\n\n<p>Ces derni\u00e8res ann\u00e9es, vous avez pu notamment lire Jean-S\u00e9bastien&nbsp;dans les magazines <em><a rel=\"noreferrer noopener\" href=\"https:\/\/www.espaces.ca\/articles\/activites\/camping-et-randonnee-01\/randonnee-pedestre\/6093-hawai-ces-petits-details-qui-menent-parfois-a-la-catastrophe\" target=\"_blank\">Espaces<\/a><\/em> et <em><a rel=\"noreferrer noopener\" aria-label=\"Vie en montagne (s\u2019ouvre dans un nouvel onglet)\" href=\"https:\/\/www.mountainlifemedia.ca\/flipmag\/qc\/68\/\" target=\"_blank\">Vie en montagne<\/a><\/em>, le trouver <a rel=\"noreferrer noopener\" aria-label=\"derri\u00e8re un appareil photo (s\u2019ouvre dans un nouvel onglet)\" href=\"https:\/\/www.instagram.com\/jsmassicotte\/\" target=\"_blank\">derri\u00e8re un appareil photo<\/a> ou une cam\u00e9ra vid\u00e9o pour <a rel=\"noreferrer noopener\" aria-label=\"des productions commerciales (s\u2019ouvre dans un nouvel onglet)\" href=\"https:\/\/www.facebook.com\/BasePleinAirSainteFoy\/videos\/2316793941915924\/\" target=\"_blank\">des productions commerciales<\/a>, ou encore entendre <a rel=\"noreferrer noopener\" aria-label=\"ses interventions (s\u2019ouvre dans un nouvel onglet)\" href=\"https:\/\/ici.radio-canada.ca\/premiere\/emissions\/c-est-encore-mieux-l-apres-midi\/segments\/entrevue\/138063\/jean-sebastien-massicotte-appel-aventure?fbclid=IwAR0HNaj2EY-uFt2O_Pdc92REArZTANEfCV398AeXhLQ_ESR4kVvhVWZ2FGk\" target=\"_blank\">ses interventions<\/a> comme chroniqueur plein air, notamment sur les ondes d&rsquo;ICI Radio-Canada Premi\u00e8re.<\/p>\n\n\n\n<p>Consultant dans le domaine des m\u00e9dias, du sport et de l&rsquo;aventure, Jean-S\u00e9bastien poss\u00e8de un solide r\u00e9seau de contacts et aime partager son expertise.<\/p>\n\n\n\n<p>Depuis le printemps 2021, Jean-S\u00e9bastien est \u00e9galement ambassadeur de marque pour <a href=\"http:\/\/www.garmin.ca\" target=\"_blank\" rel=\"noreferrer noopener\">Garmin<\/a> Canada.<\/p>\n\n\n\n<p>Ses services pourraient vous \u00eatre utiles? Contactez-le \u00e0 <a rel=\"noreferrer noopener\" aria-label=\"js@jsmassicotte.com (s\u2019ouvre dans un nouvel onglet)\" href=\"mailto:js@jsmassicotte.com\" target=\"_blank\">info@jsmassicotte.com<\/a>.<\/p>\n\n\n\n<p>Suivez-le sur&nbsp;<a rel=\"noreferrer noopener\" href=\"http:\/\/facebook.com\/jsmassicottepro\" target=\"_blank\">Facebook<\/a>,&nbsp;<a rel=\"noreferrer noopener\" href=\"http:\/\/twitter.com\/jsmassicotte\" target=\"_blank\">Twitter<\/a>&nbsp;et&nbsp;<a rel=\"noreferrer noopener\" href=\"http:\/\/instagram.com\/jsmassicotte\" target=\"_blank\">Instagram<\/a><\/p>\n\n\n\n<figure class=\"wp-block-image size-full\"><img loading=\"lazy\" decoding=\"async\" width=\"2048\" height=\"1365\" src=\"http:\/\/jsmassicotte.com\/wppro2\/wp-content\/uploads\/2022\/10\/241550468_286889136581294_4251971233438350506_n.jpg\" alt=\"\" class=\"wp-image-442\" srcset=\"http:\/\/jsmassicotte.com\/wppro2\/wp-content\/uploads\/2022\/10\/241550468_286889136581294_4251971233438350506_n.jpg 2048w, http:\/\/jsmassicotte.com\/wppro2\/wp-content\/uploads\/2022\/10\/241550468_286889136581294_4251971233438350506_n-300x200.jpg 300w, http:\/\/jsmassicotte.com\/wppro2\/wp-content\/uploads\/2022\/10\/241550468_286889136581294_4251971233438350506_n-768x512.jpg 768w, http:\/\/jsmassicotte.com\/wppro2\/wp-content\/uploads\/2022\/10\/241550468_286889136581294_4251971233438350506_n-1536x1024.jpg 1536w\" sizes=\"(max-width: 2048px) 100vw, 2048px\" \/><figcaption class=\"wp-element-caption\">Jean-S\u00e9bastien en action durant le 7e D\u00e9fi Kayak Desgagn\u00e9s, sur les eaux du Saint-Laurent entre Montr\u00e9al et Qu\u00e9bec. <strong>\u2014 Photo D\u00e9fi Kayak Desgagn\u00e9s, Joana Bezeau<\/strong><\/figcaption><\/figure>\n","protected":false},"excerpt":{"rendered":"<p>Jean-S\u00e9bastien Massicotte est chroniqueur plein air, consultant et cr\u00e9ateur de contenu d\u2019aventure ind\u00e9pendant bas\u00e9 \u00e0 Qu\u00e9bec. Journaliste de formation (ULaval), photographe prim\u00e9 et sportif tout terrain, l\u2019Abitibien d\u2019origine ne rate<\/p>\n<p class=\"more-link\"><a href=\"http:\/\/jsmassicotte.com\/wppro2\/bio\/\" class=\"readmore\">Continue reading&#8230;<span class=\"screen-reader-text\">\u00c0 propos<\/span><\/a><\/p>\n","protected":false},"author":1,"featured_media":0,"parent":0,"menu_order":0,"comment_status":"closed","ping_status":"closed","template":"","meta":{"footnotes":""},"_links":{"self":[{"href":"http:\/\/jsmassicotte.com\/wppro2\/wp-json\/wp\/v2\/pages\/30"}],"collection":[{"href":"http:\/\/jsmassicotte.com\/wppro2\/wp-json\/wp\/v2\/pages"}],"about":[{"href":"http:\/\/jsmassicotte.com\/wppro2\/wp-json\/wp\/v2\/types\/page"}],"author":[{"embeddable":true,"href":"http:\/\/jsmassicotte.com\/wppro2\/wp-json\/wp\/v2\/users\/1"}],"replies":[{"embeddable":true,"href":"http:\/\/jsmassicotte.com\/wppro2\/wp-json\/wp\/v2\/comments?post=30"}],"version-history":[{"count":25,"href":"http:\/\/jsmassicotte.com\/wppro2\/wp-json\/wp\/v2\/pages\/30\/revisions"}],"predecessor-version":[{"id":450,"href":"http:\/\/jsmassicotte.com\/wppro2\/wp-json\/wp\/v2\/pages\/30\/revisions\/450"}],"wp:attachment":[{"href":"http:\/\/jsmassicotte.com\/wppro2\/wp-json\/wp\/v2\/media?parent=30"}],"curies":[{"name":"wp","href":"https:\/\/api.w.org\/{rel}","templated":true}]}}